{"id":1261,"date":"2022-03-07T14:27:47","date_gmt":"2022-03-07T13:27:47","guid":{"rendered":"https:\/\/arcis.org.es\/?page_id=1261"},"modified":"2022-11-03T11:50:18","modified_gmt":"2022-11-03T10:50:18","slug":"jornadas-sobre-patrimonio","status":"publish","type":"page","link":"https:\/\/arcis.org.es\/index.php\/jornadas-sobre-patrimonio\/","title":{"rendered":"Jornadas sobre Patrimonio Cultural"},"content":{"rendered":"<p style=\"text-align: justify;\">Desde la asociaci\u00f3n y en colaboraci\u00f3n con distintas instituciones se promueve la divulgaci\u00f3n del conocimiento arqueol\u00f3gico y patrimonial. As\u00ed, desde el a\u00f1o 2017 se han venido celebrando las<strong>\u00a0<i>Jornadas de Recuperaci\u00f3n y revalorizaci\u00f3n del Patrimonio Cultural<\/i>. <\/strong>El seminario cuenta con el apoyo log\u00edstico y el patrocinio de ARCIS, sirviendo como plataforma <span style=\"text-decoration: underline;\">para que acad\u00e9micos, profesionales y entidades culturales como la nuestra tengan un altavoz en el que puedan manifestar, tanto al p\u00fablico especializado como al general, interesantes reflexiones en torno al patrimonio cultural, su conservaci\u00f3n y las principales l\u00edneas de debate<\/span> que se abren en torno a estas cuestiones. Cada a\u00f1o el seminario escoge un hilo conductor sobre el que reflexionar, celebr\u00e1ndose las sesiones en la Facultad de Humanidades de Albacete y en la Casa de la Cultura de Pe\u00f1as de San Pedro<\/p>\n<p style=\"text-align: justify;\"><strong>V Jornadas Recuperaci\u00f3n y Revalorizaci\u00f3n del Patrimonio Cultural. El Patrimonio cultural: una lectura interdisciplinar (3 y 4<\/strong><strong> de noviembre 2022)<\/strong><\/p>\n\n\n<figure class=\"wp-block-gallery has-nested-images columns-default is-cropped wp-block-gallery-1 is-layout-flex wp-block-gallery-is-layout-flex\">\n<figure class=\"wp-block-image size-large\"><a href=\"https:\/\/arcis.org.es\/wp-content\/uploads\/2022\/11\/cartel_jornadas_patriminio_print_page-0001.jpg\"><img decoding=\"async\" data-id=\"1361\" src=\"https:\/\/arcis.org.es\/wp-content\/uploads\/2022\/11\/cartel_jornadas_patriminio_print_page-0001-724x1024.jpg\" alt=\"\" class=\"wp-image-1361\"\/><\/a><\/figure>\n\n\n\n<figure class=\"wp-block-image size-large\"><a href=\"https:\/\/arcis.org.es\/wp-content\/uploads\/2022\/11\/programa_patrimonio_low_page-0002.jpg\"><img fetchpriority=\"high\" decoding=\"async\" width=\"1024\" height=\"725\" data-id=\"1360\" src=\"https:\/\/arcis.org.es\/wp-content\/uploads\/2022\/11\/programa_patrimonio_low_page-0002-1024x725.jpg\" alt=\"\" class=\"wp-image-1360\" srcset=\"https:\/\/arcis.org.es\/wp-content\/uploads\/2022\/11\/programa_patrimonio_low_page-0002-1024x725.jpg 1024w, https:\/\/arcis.org.es\/wp-content\/uploads\/2022\/11\/programa_patrimonio_low_page-0002-300x212.jpg 300w, https:\/\/arcis.org.es\/wp-content\/uploads\/2022\/11\/programa_patrimonio_low_page-0002-768x543.jpg 768w, https:\/\/arcis.org.es\/wp-content\/uploads\/2022\/11\/programa_patrimonio_low_page-0002-1536x1087.jpg 1536w, https:\/\/arcis.org.es\/wp-content\/uploads\/2022\/11\/programa_patrimonio_low_page-0002.jpg 1754w\" sizes=\"(max-width: 1024px) 100vw, 1024px\" \/><\/a><\/figure>\n<\/figure>\n\n\n<p style=\"text-align: justify;\"><strong>IV Jornadas Recuperaci\u00f3n y Revalorizaci\u00f3n del Patrimonio Cultural. Yacimientos arqueol\u00f3gicos visitables. Acciones para su puesta en valor y uso (25 y 26 de noviembre 2021)<\/strong><\/p>\n\n\n<figure class=\"wp-block-gallery has-nested-images columns-default is-cropped wp-block-gallery-2 is-layout-flex wp-block-gallery-is-layout-flex\">\n<figure class=\"wp-block-image size-large\"><a href=\"https:\/\/arcis.org.es\/wp-content\/uploads\/2022\/02\/255229528_1002186550356381_4681974280119283833_n.jpg\"><img decoding=\"async\" width=\"1316\" height=\"1861\" data-id=\"1158\" src=\"https:\/\/arcis.org.es\/wp-content\/uploads\/2022\/02\/255229528_1002186550356381_4681974280119283833_n.jpg\" alt=\"\" class=\"wp-image-1158\" srcset=\"https:\/\/arcis.org.es\/wp-content\/uploads\/2022\/02\/255229528_1002186550356381_4681974280119283833_n.jpg 1316w, https:\/\/arcis.org.es\/wp-content\/uploads\/2022\/02\/255229528_1002186550356381_4681974280119283833_n-212x300.jpg 212w, https:\/\/arcis.org.es\/wp-content\/uploads\/2022\/02\/255229528_1002186550356381_4681974280119283833_n-724x1024.jpg 724w, https:\/\/arcis.org.es\/wp-content\/uploads\/2022\/02\/255229528_1002186550356381_4681974280119283833_n-768x1086.jpg 768w, https:\/\/arcis.org.es\/wp-content\/uploads\/2022\/02\/255229528_1002186550356381_4681974280119283833_n-1086x1536.jpg 1086w\" sizes=\"(max-width: 1316px) 100vw, 1316px\" \/><\/a><\/figure>\n\n\n\n<figure class=\"wp-block-image size-large\"><a href=\"https:\/\/arcis.org.es\/wp-content\/uploads\/2022\/02\/255152856_1002186713689698_6054292499292219877_n.jpg\"><img decoding=\"async\" width=\"1754\" height=\"1241\" data-id=\"1159\" src=\"https:\/\/arcis.org.es\/wp-content\/uploads\/2022\/02\/255152856_1002186713689698_6054292499292219877_n.jpg\" alt=\"\" class=\"wp-image-1159\" srcset=\"https:\/\/arcis.org.es\/wp-content\/uploads\/2022\/02\/255152856_1002186713689698_6054292499292219877_n.jpg 1754w, https:\/\/arcis.org.es\/wp-content\/uploads\/2022\/02\/255152856_1002186713689698_6054292499292219877_n-300x212.jpg 300w, https:\/\/arcis.org.es\/wp-content\/uploads\/2022\/02\/255152856_1002186713689698_6054292499292219877_n-1024x725.jpg 1024w, https:\/\/arcis.org.es\/wp-content\/uploads\/2022\/02\/255152856_1002186713689698_6054292499292219877_n-768x543.jpg 768w, https:\/\/arcis.org.es\/wp-content\/uploads\/2022\/02\/255152856_1002186713689698_6054292499292219877_n-1536x1087.jpg 1536w\" sizes=\"(max-width: 1754px) 100vw, 1754px\" \/><\/a><\/figure>\n<\/figure>\n\n\n<p style=\"text-align: justify;\"><strong>III Jornadas Recuperaci\u00f3n y Revalorizaci\u00f3n del Patrimonio Cultural. Fortificaciones de la Edad del Hierro a \u00c9poca Contempor\u00e1nea (25 y 26 de octubre 2019)<\/strong><\/p>\n\n\n<figure class=\"wp-block-gallery has-nested-images columns-default is-cropped wp-block-gallery-3 is-layout-flex wp-block-gallery-is-layout-flex\">\n<figure class=\"wp-block-image size-large\"><a href=\"https:\/\/arcis.org.es\/wp-content\/uploads\/2019\/10\/cartel_jornadasrecuperacion_peque_page-0001.jpg\"><img loading=\"lazy\" decoding=\"async\" width=\"1766\" height=\"2493\" data-id=\"493\" src=\"https:\/\/arcis.org.es\/wp-content\/uploads\/2019\/10\/cartel_jornadasrecuperacion_peque_page-0001.jpg\" alt=\"\" class=\"wp-image-493\" srcset=\"https:\/\/arcis.org.es\/wp-content\/uploads\/2019\/10\/cartel_jornadasrecuperacion_peque_page-0001.jpg 1766w, https:\/\/arcis.org.es\/wp-content\/uploads\/2019\/10\/cartel_jornadasrecuperacion_peque_page-0001-213x300.jpg 213w, https:\/\/arcis.org.es\/wp-content\/uploads\/2019\/10\/cartel_jornadasrecuperacion_peque_page-0001-725x1024.jpg 725w, https:\/\/arcis.org.es\/wp-content\/uploads\/2019\/10\/cartel_jornadasrecuperacion_peque_page-0001-768x1084.jpg 768w, https:\/\/arcis.org.es\/wp-content\/uploads\/2019\/10\/cartel_jornadasrecuperacion_peque_page-0001-1088x1536.jpg 1088w, https:\/\/arcis.org.es\/wp-content\/uploads\/2019\/10\/cartel_jornadasrecuperacion_peque_page-0001-1451x2048.jpg 1451w\" sizes=\"(max-width: 1766px) 100vw, 1766px\" \/><\/a><\/figure>\n\n\n\n<figure class=\"wp-block-image size-large\"><a href=\"https:\/\/arcis.org.es\/wp-content\/uploads\/2019\/10\/diptico_recuperacion2019_print_pages-to-jpg-0002-1.jpg\"><img loading=\"lazy\" decoding=\"async\" width=\"1754\" height=\"1241\" data-id=\"548\" src=\"https:\/\/arcis.org.es\/wp-content\/uploads\/2019\/10\/diptico_recuperacion2019_print_pages-to-jpg-0002-1.jpg\" alt=\"\" class=\"wp-image-548\" srcset=\"https:\/\/arcis.org.es\/wp-content\/uploads\/2019\/10\/diptico_recuperacion2019_print_pages-to-jpg-0002-1.jpg 1754w, https:\/\/arcis.org.es\/wp-content\/uploads\/2019\/10\/diptico_recuperacion2019_print_pages-to-jpg-0002-1-300x212.jpg 300w, https:\/\/arcis.org.es\/wp-content\/uploads\/2019\/10\/diptico_recuperacion2019_print_pages-to-jpg-0002-1-1024x725.jpg 1024w, https:\/\/arcis.org.es\/wp-content\/uploads\/2019\/10\/diptico_recuperacion2019_print_pages-to-jpg-0002-1-768x543.jpg 768w, https:\/\/arcis.org.es\/wp-content\/uploads\/2019\/10\/diptico_recuperacion2019_print_pages-to-jpg-0002-1-1536x1087.jpg 1536w\" sizes=\"(max-width: 1754px) 100vw, 1754px\" \/><\/a><\/figure>\n<\/figure>\n\n\n<p style=\"text-align: justify;\"><strong>II Jornadas Recuperaci\u00f3n y Revalorizaci\u00f3n del Patrimonio Cultural. Usos actuales del Patrimonio Arqueol\u00f3gico: la musealizaci\u00f3n de yacimientos (6 y 7 de abril 2018)<\/strong><\/p>\n\n\n<figure class=\"wp-block-gallery has-nested-images columns-default is-cropped wp-block-gallery-4 is-layout-flex wp-block-gallery-is-layout-flex\">\n<figure class=\"wp-block-image size-large\"><a href=\"https:\/\/arcis.org.es\/wp-content\/uploads\/2018\/04\/jornadas_recuperacion_pec3b1as2018-001.jpg\"><img loading=\"lazy\" decoding=\"async\" width=\"2381\" height=\"1684\" data-id=\"180\" src=\"https:\/\/arcis.org.es\/wp-content\/uploads\/2018\/04\/jornadas_recuperacion_pec3b1as2018-001.jpg\" alt=\"\" class=\"wp-image-180\" srcset=\"https:\/\/arcis.org.es\/wp-content\/uploads\/2018\/04\/jornadas_recuperacion_pec3b1as2018-001.jpg 2381w, https:\/\/arcis.org.es\/wp-content\/uploads\/2018\/04\/jornadas_recuperacion_pec3b1as2018-001-300x212.jpg 300w, https:\/\/arcis.org.es\/wp-content\/uploads\/2018\/04\/jornadas_recuperacion_pec3b1as2018-001-1024x724.jpg 1024w, https:\/\/arcis.org.es\/wp-content\/uploads\/2018\/04\/jornadas_recuperacion_pec3b1as2018-001-768x543.jpg 768w, https:\/\/arcis.org.es\/wp-content\/uploads\/2018\/04\/jornadas_recuperacion_pec3b1as2018-001-1536x1086.jpg 1536w, https:\/\/arcis.org.es\/wp-content\/uploads\/2018\/04\/jornadas_recuperacion_pec3b1as2018-001-2048x1448.jpg 2048w, https:\/\/arcis.org.es\/wp-content\/uploads\/2018\/04\/jornadas_recuperacion_pec3b1as2018-001-1200x849.jpg 1200w, https:\/\/arcis.org.es\/wp-content\/uploads\/2018\/04\/jornadas_recuperacion_pec3b1as2018-001-1980x1400.jpg 1980w\" sizes=\"(max-width: 2381px) 100vw, 2381px\" \/><\/a><\/figure>\n\n\n\n<figure class=\"wp-block-image size-large\"><a href=\"https:\/\/arcis.org.es\/wp-content\/uploads\/2018\/04\/diptico_recuperacion2018-002.jpg\"><img loading=\"lazy\" decoding=\"async\" width=\"1684\" height=\"1191\" data-id=\"181\" src=\"https:\/\/arcis.org.es\/wp-content\/uploads\/2018\/04\/diptico_recuperacion2018-002.jpg\" alt=\"\" class=\"wp-image-181\" srcset=\"https:\/\/arcis.org.es\/wp-content\/uploads\/2018\/04\/diptico_recuperacion2018-002.jpg 1684w, https:\/\/arcis.org.es\/wp-content\/uploads\/2018\/04\/diptico_recuperacion2018-002-300x212.jpg 300w, https:\/\/arcis.org.es\/wp-content\/uploads\/2018\/04\/diptico_recuperacion2018-002-1024x724.jpg 1024w, https:\/\/arcis.org.es\/wp-content\/uploads\/2018\/04\/diptico_recuperacion2018-002-768x543.jpg 768w, https:\/\/arcis.org.es\/wp-content\/uploads\/2018\/04\/diptico_recuperacion2018-002-1536x1086.jpg 1536w, https:\/\/arcis.org.es\/wp-content\/uploads\/2018\/04\/diptico_recuperacion2018-002-1200x849.jpg 1200w\" sizes=\"(max-width: 1684px) 100vw, 1684px\" \/><\/a><\/figure>\n<\/figure>\n\n\n<p style=\"text-align: justify;\"><strong>I Jornadas sobre Recuperaci\u00f3n y Revalorizaci\u00f3n del Patrimonio Cultural (24 y 25 de marzo 2017)<\/strong><\/p>\n\n\n<figure class=\"wp-block-gallery has-nested-images columns-default is-cropped wp-block-gallery-5 is-layout-flex wp-block-gallery-is-layout-flex\">\n<figure class=\"wp-block-image size-large\"><a href=\"https:\/\/arcis.org.es\/wp-content\/uploads\/2022\/03\/Jornadas_Recuperacion_Penas__pages-to-jpg-0001.jpg\"><img loading=\"lazy\" decoding=\"async\" width=\"1754\" height=\"2481\" data-id=\"1281\" src=\"https:\/\/arcis.org.es\/wp-content\/uploads\/2022\/03\/Jornadas_Recuperacion_Penas__pages-to-jpg-0001.jpg\" alt=\"\" class=\"wp-image-1281\" srcset=\"https:\/\/arcis.org.es\/wp-content\/uploads\/2022\/03\/Jornadas_Recuperacion_Penas__pages-to-jpg-0001.jpg 1754w, https:\/\/arcis.org.es\/wp-content\/uploads\/2022\/03\/Jornadas_Recuperacion_Penas__pages-to-jpg-0001-212x300.jpg 212w, https:\/\/arcis.org.es\/wp-content\/uploads\/2022\/03\/Jornadas_Recuperacion_Penas__pages-to-jpg-0001-724x1024.jpg 724w, https:\/\/arcis.org.es\/wp-content\/uploads\/2022\/03\/Jornadas_Recuperacion_Penas__pages-to-jpg-0001-768x1086.jpg 768w, https:\/\/arcis.org.es\/wp-content\/uploads\/2022\/03\/Jornadas_Recuperacion_Penas__pages-to-jpg-0001-1086x1536.jpg 1086w, https:\/\/arcis.org.es\/wp-content\/uploads\/2022\/03\/Jornadas_Recuperacion_Penas__pages-to-jpg-0001-1448x2048.jpg 1448w\" sizes=\"(max-width: 1754px) 100vw, 1754px\" \/><\/a><\/figure>\n\n\n\n<figure class=\"wp-block-image size-large\"><a href=\"https:\/\/arcis.org.es\/wp-content\/uploads\/2022\/03\/Jornadas_Recuperacion_Penas__pages-to-jpg-0002.jpg\"><img loading=\"lazy\" decoding=\"async\" width=\"1241\" height=\"1754\" data-id=\"1282\" src=\"https:\/\/arcis.org.es\/wp-content\/uploads\/2022\/03\/Jornadas_Recuperacion_Penas__pages-to-jpg-0002.jpg\" alt=\"\" class=\"wp-image-1282\" srcset=\"https:\/\/arcis.org.es\/wp-content\/uploads\/2022\/03\/Jornadas_Recuperacion_Penas__pages-to-jpg-0002.jpg 1241w, https:\/\/arcis.org.es\/wp-content\/uploads\/2022\/03\/Jornadas_Recuperacion_Penas__pages-to-jpg-0002-212x300.jpg 212w, https:\/\/arcis.org.es\/wp-content\/uploads\/2022\/03\/Jornadas_Recuperacion_Penas__pages-to-jpg-0002-725x1024.jpg 725w, https:\/\/arcis.org.es\/wp-content\/uploads\/2022\/03\/Jornadas_Recuperacion_Penas__pages-to-jpg-0002-768x1085.jpg 768w, https:\/\/arcis.org.es\/wp-content\/uploads\/2022\/03\/Jornadas_Recuperacion_Penas__pages-to-jpg-0002-1087x1536.jpg 1087w\" sizes=\"(max-width: 1241px) 100vw, 1241px\" \/><\/a><\/figure>\n<\/figure>\n","protected":false},"excerpt":{"rendered":"<p>Desde la asociaci\u00f3n y en colaboraci\u00f3n con distintas instituciones se promueve la divulgaci\u00f3n del conocimiento arqueol\u00f3gico y patrimonial. As\u00ed, desde el a\u00f1o 2017 se han venido celebrando las\u00a0Jornadas de Recuperaci\u00f3n y revalorizaci\u00f3n del Patrimonio Cultural. El seminario cuenta con el apoyo log\u00edstico y el patrocinio de ARCIS, sirviendo como plataforma para que acad\u00e9micos, profesionales y entidades culturales como la nuestra tengan un altavoz en el que puedan manifestar, tanto al p\u00fablico especializado como al general, interesantes reflexiones en torno al patrimonio cultural, su conservaci\u00f3n y las principales l\u00edneas de debate que se abren en torno a estas cuestiones. Cada a\u00f1o [&hellip;]<\/p>\n","protected":false},"author":2,"featured_media":0,"parent":0,"menu_order":0,"comment_status":"closed","ping_status":"closed","template":"","meta":{"_eb_attr":"","footnotes":""},"_links":{"self":[{"href":"https:\/\/arcis.org.es\/index.php\/wp-json\/wp\/v2\/pages\/1261"}],"collection":[{"href":"https:\/\/arcis.org.es\/index.php\/wp-json\/wp\/v2\/pages"}],"about":[{"href":"https:\/\/arcis.org.es\/index.php\/wp-json\/wp\/v2\/types\/page"}],"author":[{"embeddable":true,"href":"https:\/\/arcis.org.es\/index.php\/wp-json\/wp\/v2\/users\/2"}],"replies":[{"embeddable":true,"href":"https:\/\/arcis.org.es\/index.php\/wp-json\/wp\/v2\/comments?post=1261"}],"version-history":[{"count":7,"href":"https:\/\/arcis.org.es\/index.php\/wp-json\/wp\/v2\/pages\/1261\/revisions"}],"predecessor-version":[{"id":1363,"href":"https:\/\/arcis.org.es\/index.php\/wp-json\/wp\/v2\/pages\/1261\/revisions\/1363"}],"wp:attachment":[{"href":"https:\/\/arcis.org.es\/index.php\/wp-json\/wp\/v2\/media?parent=1261"}],"curies":[{"name":"wp","href":"https:\/\/api.w.org\/{rel}","templated":true}]}}